{"id":404,"date":"2017-02-02T07:47:40","date_gmt":"2017-02-02T07:47:40","guid":{"rendered":"http:\/\/travelwp.physcode.com\/?page_id=404"},"modified":"2023-05-08T10:34:15","modified_gmt":"2023-05-08T08:34:15","slug":"naslovna","status":"publish","type":"page","link":"https:\/\/farm-kongres.me\/eng\/","title":{"rendered":"Naslovna"},"content":{"rendered":"<div class=\"wpb-content-wrapper\"><div class=\"vc_row wpb_row vc_row-fluid\"><div class=\"wpb_column vc_column_container vc_col-sm-12\"><div class=\"vc_column-inner\"><div class=\"wpb_wrapper\"><div class=\"vc_empty_space\"   style=\"height: 120px\"><span class=\"vc_empty_space_inner\"><\/span><\/div><\/div><\/div><\/div><\/div><div class=\"vc_row wpb_row vc_row-fluid\"><div class=\"wpb_column vc_column_container vc_col-sm-12\"><div class=\"vc_column-inner\"><div class=\"wpb_wrapper\">\n\t<div  class=\"wpb_single_image wpb_content_element vc_align_center wpb_content_element\">\n\t\t\n\t\t<figure class=\"wpb_wrapper vc_figure\">\n\t\t\t<a href=\"https:\/\/farm-kongres.me\/eng\/\" target=\"_self\" class=\"vc_single_image-wrapper vc_box_shadow_3d  vc_box_border_grey\"><img loading=\"lazy\" decoding=\"async\" width=\"1400\" height=\"309\" src=\"https:\/\/farm-kongres.me\/wp-content\/uploads\/2022\/10\/farm-kongres-2023.png\" class=\"vc_single_image-img attachment-full\" alt=\"\" title=\"farm-kongres-2023\" srcset=\"https:\/\/farm-kongres.me\/wp-content\/uploads\/2022\/10\/farm-kongres-2023.png 1400w, https:\/\/farm-kongres.me\/wp-content\/uploads\/2022\/10\/farm-kongres-2023-768x170.png 768w, https:\/\/farm-kongres.me\/wp-content\/uploads\/2022\/10\/farm-kongres-2023-820x181.png 820w\" sizes=\"auto, (max-width: 1400px) 100vw, 1400px\" \/><\/a>\n\t\t<\/figure>\n\t<\/div>\n<div class=\"vc_row wpb_row vc_inner vc_row-fluid\"><div class=\"wpb_column vc_column_container vc_col-sm-3\"><div class=\"vc_column-inner\"><div class=\"wpb_wrapper\">\n\t<div  class=\"wpb_single_image wpb_content_element vc_align_center wpb_content_element\">\n\t\t\n\t\t<figure class=\"wpb_wrapper vc_figure\">\n\t\t\t<a href=\"https:\/\/www.gov.me\/cyr\/mzd\" target=\"_blank\" class=\"vc_single_image-wrapper   vc_box_border_grey\"><img loading=\"lazy\" decoding=\"async\" width=\"163\" height=\"150\" src=\"https:\/\/farm-kongres.me\/wp-content\/uploads\/2022\/10\/min-zdravlja-cg-logo.png\" class=\"vc_single_image-img attachment-full\" alt=\"\" title=\"min-zdravlja-cg-logo\" \/><\/a>\n\t\t<\/figure>\n\t<\/div>\n<\/div><\/div><\/div><div class=\"wpb_column vc_column_container vc_col-sm-3\"><div class=\"vc_column-inner\"><div class=\"wpb_wrapper\">\n\t<div  class=\"wpb_single_image wpb_content_element vc_align_center wpb_content_element\">\n\t\t\n\t\t<figure class=\"wpb_wrapper vc_figure\">\n\t\t\t<a href=\"https:\/\/www.ucg.ac.me\/\" target=\"_blank\" class=\"vc_single_image-wrapper   vc_box_border_grey\"><img loading=\"lazy\" decoding=\"async\" width=\"117\" height=\"150\" src=\"https:\/\/farm-kongres.me\/wp-content\/uploads\/2022\/10\/ucg.png\" class=\"vc_single_image-img attachment-full\" alt=\"\" title=\"ucg\" \/><\/a>\n\t\t<\/figure>\n\t<\/div>\n<\/div><\/div><\/div><div class=\"wpb_column vc_column_container vc_col-sm-3\"><div class=\"vc_column-inner\"><div class=\"wpb_wrapper\">\n\t<div  class=\"wpb_single_image wpb_content_element vc_align_center wpb_content_element\">\n\t\t\n\t\t<figure class=\"wpb_wrapper vc_figure\">\n\t\t\t<a href=\"https:\/\/fkcg.me\/\" target=\"_blank\" class=\"vc_single_image-wrapper   vc_box_border_grey\"><img loading=\"lazy\" decoding=\"async\" width=\"265\" height=\"150\" src=\"https:\/\/farm-kongres.me\/wp-content\/uploads\/2022\/10\/komora-logo.png\" class=\"vc_single_image-img attachment-full\" alt=\"\" title=\"komora-logo\" \/><\/a>\n\t\t<\/figure>\n\t<\/div>\n<\/div><\/div><\/div><div class=\"wpb_column vc_column_container vc_col-sm-3\"><div class=\"vc_column-inner\"><div class=\"wpb_wrapper\">\n\t<div  class=\"wpb_single_image wpb_content_element vc_align_center wpb_content_element\">\n\t\t\n\t\t<figure class=\"wpb_wrapper vc_figure\">\n\t\t\t<a href=\"https:\/\/cinmed.me\/Portal\/faces\/glavna.jspx?_afrLoop=6571804214064583&#038;_afrWindowMode=0&#038;_adf.ctrl-state=17qgf67tju_102\" target=\"_blank\" class=\"vc_single_image-wrapper   vc_box_border_grey\"><img loading=\"lazy\" decoding=\"async\" width=\"224\" height=\"150\" src=\"https:\/\/farm-kongres.me\/wp-content\/uploads\/2022\/10\/cinmed.png\" class=\"vc_single_image-img attachment-full\" alt=\"\" title=\"cinmed\" \/><\/a>\n\t\t<\/figure>\n\t<\/div>\n<\/div><\/div><\/div><\/div><\/div><\/div><\/div><\/div><div class=\"vc_row wpb_row vc_row-fluid\"><div class=\"wpb_column vc_column_container vc_col-sm-12\"><div class=\"vc_column-inner\"><div class=\"wpb_wrapper\"><div class=\"vc_separator wpb_content_element vc_separator_align_center vc_sep_width_100 vc_sep_border_width_2 vc_sep_pos_align_center vc_separator_no_text vc_sep_color_grey wpb_content_element  wpb_content_element\" ><span class=\"vc_sep_holder vc_sep_holder_l\"><span class=\"vc_sep_line\"><\/span><\/span><span class=\"vc_sep_holder vc_sep_holder_r\"><span class=\"vc_sep_line\"><\/span><\/span>\n<\/div><\/div><\/div><\/div><\/div><div class=\"vc_row wpb_row vc_row-fluid\"><div class=\"wpb_column vc_column_container vc_col-sm-8\"><div class=\"vc_column-inner\"><div class=\"wpb_wrapper\"><h2 style=\"color: #193282;text-align: left\" class=\"vc_custom_heading vc_do_custom_heading\" >LATEST NEWS<\/h2><div class=\"vc_empty_space\"   style=\"height: 20px\"><span class=\"vc_empty_space_inner\"><\/span><\/div><div class=\"vc_row wpb_row vc_inner vc_row-fluid\"><div class=\"wpb_column vc_column_container vc_col-sm-3\"><div class=\"vc_column-inner\"><div class=\"wpb_wrapper\"><h4 style=\"color: #c6c6c6;text-align: center\" class=\"vc_custom_heading vc_do_custom_heading\" >07.05.2023.<\/h4>\n\t<div  class=\"wpb_single_image wpb_content_element vc_align_center wpb_content_element\">\n\t\t\n\t\t<figure class=\"wpb_wrapper vc_figure\">\n\t\t\t<div class=\"vc_single_image-wrapper   vc_box_border_grey\"><img loading=\"lazy\" decoding=\"async\" width=\"400\" height=\"175\" src=\"https:\/\/farm-kongres.me\/wp-content\/uploads\/2022\/10\/3-kon-novosti.png\" class=\"vc_single_image-img attachment-full\" alt=\"\" title=\"3-kon-novosti\" \/><\/div>\n\t\t<\/figure>\n\t<\/div>\n<\/div><\/div><\/div><div class=\"wpb_column vc_column_container vc_col-sm-9\"><div class=\"vc_column-inner\"><div class=\"wpb_wrapper\">\n\t<div class=\"wpb_text_column wpb_content_element\" >\n\t\t<div class=\"wpb_wrapper\">\n\t\t\t<p><strong>The Fourth Congress of Pharmacists of Montenegro<\/strong><\/p>\n<p style=\"font-weight: 400;\">Po\u0161tovani,<\/p>\n<p style=\"font-weight: 400;\">Sa zadovoljstvom Vas pozivamo da prisustvujete Sve\u010danom otvaranju\u00a0<b><strong>IV Kongresa farmaceuta Crne Gore sa me<\/strong><\/b><b><strong>\u0111<\/strong><\/b><b><strong>unarodnim u<\/strong><\/b><b><strong>\u010d<\/strong><\/b><b><strong>e\u0161<\/strong><\/b><b><strong>\u0107<\/strong><\/b><b><strong>em.<\/strong><\/b><\/p>\n<p style=\"font-weight: 400;\">Sve\u010dano otvaranje\u00a0\u0107e se odr\u017eati\u00a0<b><strong>11. maja 2023 godine<\/strong><\/b>\u00a0u\u00a0<b><strong>18:00<\/strong><\/b>\u00a0\u010dasova u hotelu Splendid, Budva.<\/p>\n<p style=\"font-weight: 400;\">Predvi\u0111en je i koktel dobrodo\u0161lice.<\/p>\n<p style=\"font-weight: 400;\">Posebno Vas pozivamo da budete istog dana u 14h gost\/u\u010desnik na\u0161eg pretkongresnog simpozijuma&#8221;Zna\u010daj farmaceutskih servisa&#8221; sa na\u0161im eminentnim gostima:prof.dr Anthony R.Cox, klini\u010dki psiholog Radoje Cerovi\u0107, prof.Branislava Miljkovi\u0107, doc.dr Arijana Me\u0161trovi\u0107<\/p>\n<p style=\"font-weight: 400;\">Predsjednik Organizacionog odbora, <strong>Jovana Popovi\u0107<\/strong>,\u00a0dipl.ph<\/p>\n<p style=\"font-weight: 400;\">Predsjednik Farmaceutske\u00a0komore Crne Gore,\u00a0<strong>Milanka \u017dugi\u0107<\/strong>,\u00a0dipl.ph<\/p>\n\n\t\t<\/div>\n\t<\/div>\n<\/div><\/div><\/div><\/div><div class=\"vc_separator wpb_content_element vc_separator_align_center vc_sep_width_100 vc_sep_border_width_3 vc_sep_pos_align_center vc_separator_no_text vc_sep_color_grey wpb_content_element  wpb_content_element\" ><span class=\"vc_sep_holder vc_sep_holder_l\"><span class=\"vc_sep_line\"><\/span><\/span><span class=\"vc_sep_holder vc_sep_holder_r\"><span class=\"vc_sep_line\"><\/span><\/span>\n<\/div><div class=\"vc_row wpb_row vc_inner vc_row-fluid\"><div class=\"wpb_column vc_column_container vc_col-sm-3\"><div class=\"vc_column-inner\"><div class=\"wpb_wrapper\"><h4 style=\"color: #c6c6c6;text-align: center\" class=\"vc_custom_heading vc_do_custom_heading\" >05.05.2023.<\/h4>\n\t<div  class=\"wpb_single_image wpb_content_element vc_align_center wpb_content_element\">\n\t\t\n\t\t<figure class=\"wpb_wrapper vc_figure\">\n\t\t\t<div class=\"vc_single_image-wrapper   vc_box_border_grey\"><img loading=\"lazy\" decoding=\"async\" width=\"400\" height=\"175\" src=\"https:\/\/farm-kongres.me\/wp-content\/uploads\/2022\/10\/3-kon-novosti.png\" class=\"vc_single_image-img attachment-full\" alt=\"\" title=\"3-kon-novosti\" \/><\/div>\n\t\t<\/figure>\n\t<\/div>\n<\/div><\/div><\/div><div class=\"wpb_column vc_column_container vc_col-sm-9\"><div class=\"vc_column-inner\"><div class=\"wpb_wrapper\">\n\t<div class=\"wpb_text_column wpb_content_element\" >\n\t\t<div class=\"wpb_wrapper\">\n\t\t\t<p><strong>Congress program | IV Congress of Pharmacists of Montenegro<\/strong><\/p>\n<p>A congress program is available.<\/p>\n<p>Link: <a href=\"https:\/\/farm-kongres.me\/eng\/kongres\/program-kongresa-2023\/\" rel=\"noopener\"><strong>Congress program<\/strong><\/a><\/p>\n\n\t\t<\/div>\n\t<\/div>\n<\/div><\/div><\/div><\/div><div class=\"vc_separator wpb_content_element vc_separator_align_center vc_sep_width_100 vc_sep_border_width_3 vc_sep_pos_align_center vc_separator_no_text vc_sep_color_grey wpb_content_element  wpb_content_element\" ><span class=\"vc_sep_holder vc_sep_holder_l\"><span class=\"vc_sep_line\"><\/span><\/span><span class=\"vc_sep_holder vc_sep_holder_r\"><span class=\"vc_sep_line\"><\/span><\/span>\n<\/div><div class=\"vc_row wpb_row vc_inner vc_row-fluid\"><div class=\"wpb_column vc_column_container vc_col-sm-3\"><div class=\"vc_column-inner\"><div class=\"wpb_wrapper\"><h4 style=\"color: #c6c6c6;text-align: center\" class=\"vc_custom_heading vc_do_custom_heading\" >01.03.2023.<\/h4>\n\t<div  class=\"wpb_single_image wpb_content_element vc_align_center wpb_content_element\">\n\t\t\n\t\t<figure class=\"wpb_wrapper vc_figure\">\n\t\t\t<div class=\"vc_single_image-wrapper   vc_box_border_grey\"><img loading=\"lazy\" decoding=\"async\" width=\"400\" height=\"175\" src=\"https:\/\/farm-kongres.me\/wp-content\/uploads\/2022\/10\/3-kon-novosti.png\" class=\"vc_single_image-img attachment-full\" alt=\"\" title=\"3-kon-novosti\" \/><\/div>\n\t\t<\/figure>\n\t<\/div>\n<\/div><\/div><\/div><div class=\"wpb_column vc_column_container vc_col-sm-9\"><div class=\"vc_column-inner\"><div class=\"wpb_wrapper\">\n\t<div class=\"wpb_text_column wpb_content_element\" >\n\t\t<div class=\"wpb_wrapper\">\n\t\t\t<p><strong>Preliminary program of the congress | IV Congress of Pharmacists of Montenegro<\/strong><\/p>\n<p>A preliminary congress program is available.<\/p>\n<p>Link: <a href=\"https:\/\/farm-kongres.me\/eng\/kongres\/program-kongresa-2023\/\" target=\"_blank\" rel=\"noopener\"><strong>Congress program<\/strong><\/a><\/p>\n\n\t\t<\/div>\n\t<\/div>\n<\/div><\/div><\/div><\/div><div class=\"vc_separator wpb_content_element vc_separator_align_center vc_sep_width_100 vc_sep_border_width_3 vc_sep_pos_align_center vc_separator_no_text vc_sep_color_grey wpb_content_element  wpb_content_element\" ><span class=\"vc_sep_holder vc_sep_holder_l\"><span class=\"vc_sep_line\"><\/span><\/span><span class=\"vc_sep_holder vc_sep_holder_r\"><span class=\"vc_sep_line\"><\/span><\/span>\n<\/div><div class=\"vc_row wpb_row vc_inner vc_row-fluid\"><div class=\"wpb_column vc_column_container vc_col-sm-3\"><div class=\"vc_column-inner\"><div class=\"wpb_wrapper\"><h4 style=\"color: #c6c6c6;text-align: center\" class=\"vc_custom_heading vc_do_custom_heading\" >22.12.2022.<\/h4>\n\t<div  class=\"wpb_single_image wpb_content_element vc_align_center wpb_content_element\">\n\t\t\n\t\t<figure class=\"wpb_wrapper vc_figure\">\n\t\t\t<div class=\"vc_single_image-wrapper   vc_box_border_grey\"><img loading=\"lazy\" decoding=\"async\" width=\"400\" height=\"175\" src=\"https:\/\/farm-kongres.me\/wp-content\/uploads\/2022\/10\/3-kon-novosti.png\" class=\"vc_single_image-img attachment-full\" alt=\"\" title=\"3-kon-novosti\" \/><\/div>\n\t\t<\/figure>\n\t<\/div>\n<\/div><\/div><\/div><div class=\"wpb_column vc_column_container vc_col-sm-9\"><div class=\"vc_column-inner\"><div class=\"wpb_wrapper\">\n\t<div class=\"wpb_text_column wpb_content_element\" >\n\t\t<div class=\"wpb_wrapper\">\n\t\t\t<p><strong>Decision on extension | IV Congress of Pharmacists of Montenegro<\/strong><\/p>\n<p>Organizing Committee of IV Congress of Pharmacists of Montenegro, on 22. 12. 2022, brought <strong>DECISION<\/strong>\u00a0on the extension of the term of:<\/p>\n<ul>\n<li class=\"saz\"><strong>Abstracts reception<\/strong>\u00a0is\u00a0<strong>15.01.2023.<\/strong>\u00a0.<\/li>\n<\/ul>\n\n\t\t<\/div>\n\t<\/div>\n<\/div><\/div><\/div><\/div><div class=\"vc_separator wpb_content_element vc_separator_align_center vc_sep_width_100 vc_sep_border_width_3 vc_sep_pos_align_center vc_separator_no_text vc_sep_color_grey wpb_content_element  wpb_content_element\" ><span class=\"vc_sep_holder vc_sep_holder_l\"><span class=\"vc_sep_line\"><\/span><\/span><span class=\"vc_sep_holder vc_sep_holder_r\"><span class=\"vc_sep_line\"><\/span><\/span>\n<\/div><div class=\"vc_row wpb_row vc_inner vc_row-fluid\"><div class=\"wpb_column vc_column_container vc_col-sm-3\"><div class=\"vc_column-inner\"><div class=\"wpb_wrapper\"><h4 style=\"color: #c6c6c6;text-align: center\" class=\"vc_custom_heading vc_do_custom_heading\" >28.10.2022.<\/h4>\n\t<div  class=\"wpb_single_image wpb_content_element vc_align_center wpb_content_element\">\n\t\t\n\t\t<figure class=\"wpb_wrapper vc_figure\">\n\t\t\t<div class=\"vc_single_image-wrapper   vc_box_border_grey\"><img loading=\"lazy\" decoding=\"async\" width=\"400\" height=\"173\" src=\"https:\/\/farm-kongres.me\/wp-content\/uploads\/2022\/10\/4-kong.png\" class=\"vc_single_image-img attachment-full\" alt=\"\" title=\"4-kong\" \/><\/div>\n\t\t<\/figure>\n\t<\/div>\n<\/div><\/div><\/div><div class=\"wpb_column vc_column_container vc_col-sm-9\"><div class=\"vc_column-inner\"><div class=\"wpb_wrapper\">\n\t<div class=\"wpb_text_column wpb_content_element\" >\n\t\t<div class=\"wpb_wrapper\">\n\t\t\t<p><strong>GUIDELINES FOR WRITING ABSTRACTS<\/strong><\/p>\n<p>Guidelines for writing abstracts are available.<\/p>\n<p><a href=\"https:\/\/farm-kongres.me\/eng\/kongres\/naucni-program-2023\/\">Link<\/a><\/p>\n\n\t\t<\/div>\n\t<\/div>\n<\/div><\/div><\/div><\/div><div class=\"vc_separator wpb_content_element vc_separator_align_center vc_sep_width_100 vc_sep_border_width_3 vc_sep_pos_align_center vc_separator_no_text vc_sep_color_grey wpb_content_element  wpb_content_element\" ><span class=\"vc_sep_holder vc_sep_holder_l\"><span class=\"vc_sep_line\"><\/span><\/span><span class=\"vc_sep_holder vc_sep_holder_r\"><span class=\"vc_sep_line\"><\/span><\/span>\n<\/div><div class=\"vc_row wpb_row vc_inner vc_row-fluid\"><div class=\"wpb_column vc_column_container vc_col-sm-3\"><div class=\"vc_column-inner\"><div class=\"wpb_wrapper\"><h4 style=\"color: #c6c6c6;text-align: center\" class=\"vc_custom_heading vc_do_custom_heading\" >19.10.2022.<\/h4>\n\t<div  class=\"wpb_single_image wpb_content_element vc_align_center wpb_content_element\">\n\t\t\n\t\t<figure class=\"wpb_wrapper vc_figure\">\n\t\t\t<div class=\"vc_single_image-wrapper   vc_box_border_grey\"><img loading=\"lazy\" decoding=\"async\" width=\"400\" height=\"173\" src=\"https:\/\/farm-kongres.me\/wp-content\/uploads\/2022\/10\/4-kong.png\" class=\"vc_single_image-img attachment-full\" alt=\"\" title=\"4-kong\" \/><\/div>\n\t\t<\/figure>\n\t<\/div>\n<\/div><\/div><\/div><div class=\"wpb_column vc_column_container vc_col-sm-9\"><div class=\"vc_column-inner\"><div class=\"wpb_wrapper\">\n\t<div class=\"wpb_text_column wpb_content_element\" >\n\t\t<div class=\"wpb_wrapper\">\n\t\t\t<div class=\"vc_row wpb_row vc_row-fluid\">\n<div class=\"wpb_column vc_column_container vc_col-sm-12\">\n<div class=\"vc_column-inner\">\n<div class=\"wpb_wrapper\">\n<p>Dear colleagues,<\/p>\n<p>It is a great honor and pleasure to invite you to the<strong> 4th Congress of the Pharmacists of Montenegro<\/strong> <strong>with international participation<\/strong>, which will be held in Budva <strong>from May 11 to 14, 2023 <\/strong>under the slogan<strong> 'The power of pharmacy - The power of our health'<\/strong>, organized by the Pharmaceutical Association of Montenegro and the study programme of Pharmacy, taught at the Faculty of Medicine, University of Montenegro.<\/p>\n<p>The past few years have brought significant challenges for the pharmaceutical profession, in which our commitment to the evidence-based pharmacy, patients and people's health in general, has been put to the test.<\/p>\n<p>The pharmaceutical profession accepted the challenges, enabled new roles for pharmacists and in this way ensured the best possible care for our patients, which was especially evident during the COVID-19 pandemic.<\/p>\n<p>The goal of this Congress is to establish closer cooperation between pharmacists and other members of the scientific and professional community that deals with research and development of medicines.<\/p>\n<p>We are sure that the Congress will provide a good opportunity for all participants to discuss their experiences and results, future directions and new developments in the pharmaceutical science in a broader sense, as well as for the development and deepening of the scientific and the professional cooperation between pharmacists.<\/p>\n<p><strong>Abstracts should be submitted by December 15, 2022. <\/strong><\/p>\n<p>You can send abstracts to the e-mail adress: <strong>radovi<\/strong><strong>@<\/strong><strong>kongres2023.me<\/strong><\/p>\n<p>The news related to the Congress may be found on the website: <strong>http:\/\/kongres2023.me<\/strong><\/p>\n<p>We look forward to making the Congress not only an opportunity for learning, but also a place where you can enjoy and relax in pleasant company.<\/p>\n<p>Welcome!<\/p>\n<p>On behalf of the Scientific Committee of the 4th Congress of Pharmacists of Montenegro,<\/p>\n<p><strong>Assistant Professor Tanja Vojinovi\u0107, President<\/strong><\/p>\n<\/div>\n<\/div>\n<\/div>\n<\/div>\n\n\t\t<\/div>\n\t<\/div>\n<\/div><\/div><\/div><\/div><div class=\"vc_separator wpb_content_element vc_separator_align_center vc_sep_width_100 vc_sep_border_width_3 vc_sep_pos_align_center vc_separator_no_text vc_sep_color_grey wpb_content_element  wpb_content_element\" ><span class=\"vc_sep_holder vc_sep_holder_l\"><span class=\"vc_sep_line\"><\/span><\/span><span class=\"vc_sep_holder vc_sep_holder_r\"><span class=\"vc_sep_line\"><\/span><\/span>\n<\/div><div class=\"vc_row wpb_row vc_inner vc_row-fluid\"><div class=\"wpb_column vc_column_container vc_col-sm-3\"><div class=\"vc_column-inner\"><div class=\"wpb_wrapper\"><h4 style=\"color: #c6c6c6;text-align: center\" class=\"vc_custom_heading vc_do_custom_heading\" >07.05.2019.<\/h4>\n\t<div  class=\"wpb_single_image wpb_content_element vc_align_center wpb_content_element\">\n\t\t\n\t\t<figure class=\"wpb_wrapper vc_figure\">\n\t\t\t<div class=\"vc_single_image-wrapper   vc_box_border_grey\"><img loading=\"lazy\" decoding=\"async\" width=\"400\" height=\"175\" src=\"https:\/\/farm-kongres.me\/wp-content\/uploads\/2022\/10\/3-kon-novosti.png\" class=\"vc_single_image-img attachment-full\" alt=\"\" title=\"3-kon-novosti\" \/><\/div>\n\t\t<\/figure>\n\t<\/div>\n<\/div><\/div><\/div><div class=\"wpb_column vc_column_container vc_col-sm-9\"><div class=\"vc_column-inner\"><div class=\"wpb_wrapper\">\n\t<div class=\"wpb_text_column wpb_content_element\" >\n\t\t<div class=\"wpb_wrapper\">\n\t\t\t<p><strong>Posters | III Congress of Pharmacists of Montenegro<\/strong><\/p>\n<p>Poster size is<strong> 0,70 m x 1 m<\/strong> (vertical type).<\/p>\n<p>The poster display is in the congress area on Friday,<strong> 10.05.2019.<\/strong>\u00a0\u00a0from\u00a0<strong>08:00 to 09:00<\/strong> hours.<\/p>\n<p>Students of the UCG Pharmacy study program of the Faculty of Medicine are requested to be next to the poster in the period from\u00a0<strong>14:00 &#8211; 15:30<\/strong>\u00a0hours when the Commission will visit the posters.<\/p>\n\n\t\t<\/div>\n\t<\/div>\n<\/div><\/div><\/div><\/div><div class=\"vc_separator wpb_content_element vc_separator_align_center vc_sep_width_100 vc_sep_pos_align_center vc_separator_no_text vc_sep_color_grey wpb_content_element  wpb_content_element\" ><span class=\"vc_sep_holder vc_sep_holder_l\"><span class=\"vc_sep_line\"><\/span><\/span><span class=\"vc_sep_holder vc_sep_holder_r\"><span class=\"vc_sep_line\"><\/span><\/span>\n<\/div><div class=\"vc_row wpb_row vc_inner vc_row-fluid\"><div class=\"wpb_column vc_column_container vc_col-sm-3\"><div class=\"vc_column-inner\"><div class=\"wpb_wrapper\"><h4 style=\"color: #c6c6c6;text-align: center\" class=\"vc_custom_heading vc_do_custom_heading\" >20.04.2019.<\/h4>\n\t<div  class=\"wpb_single_image wpb_content_element vc_align_center wpb_content_element\">\n\t\t\n\t\t<figure class=\"wpb_wrapper vc_figure\">\n\t\t\t<div class=\"vc_single_image-wrapper   vc_box_border_grey\"><img loading=\"lazy\" decoding=\"async\" width=\"400\" height=\"175\" src=\"https:\/\/farm-kongres.me\/wp-content\/uploads\/2022\/10\/3-kon-novosti.png\" class=\"vc_single_image-img attachment-full\" alt=\"\" title=\"3-kon-novosti\" \/><\/div>\n\t\t<\/figure>\n\t<\/div>\n<\/div><\/div><\/div><div class=\"wpb_column vc_column_container vc_col-sm-9\"><div class=\"vc_column-inner\"><div class=\"wpb_wrapper\">\n\t<div class=\"wpb_text_column wpb_content_element\" >\n\t\t<div class=\"wpb_wrapper\">\n\t\t\t<p><strong>Program | III Congress of Pharmacists of Montenegro<\/strong><\/p>\n<p>A .pdf file is available <strong>for<\/strong> downloading the final <strong>CONGRESS<\/strong>\u00a0PROGRAM:<\/p>\n<ul>\n<li class=\"saz\"><a href=\"https:\/\/farm-kongres.me\/eng\/kongres-2019\/program-kongresa-2019\/\"><strong>Link<\/strong><\/a><\/li>\n<\/ul>\n\n\t\t<\/div>\n\t<\/div>\n<\/div><\/div><\/div><\/div><div class=\"vc_separator wpb_content_element vc_separator_align_center vc_sep_width_100 vc_sep_pos_align_center vc_separator_no_text vc_sep_color_grey wpb_content_element  wpb_content_element\" ><span class=\"vc_sep_holder vc_sep_holder_l\"><span class=\"vc_sep_line\"><\/span><\/span><span class=\"vc_sep_holder vc_sep_holder_r\"><span class=\"vc_sep_line\"><\/span><\/span>\n<\/div><div class=\"vc_row wpb_row vc_inner vc_row-fluid\"><div class=\"wpb_column vc_column_container vc_col-sm-3\"><div class=\"vc_column-inner\"><div class=\"wpb_wrapper\"><h4 style=\"color: #c6c6c6;text-align: center\" class=\"vc_custom_heading vc_do_custom_heading\" >28.02.2019.<\/h4>\n\t<div  class=\"wpb_single_image wpb_content_element vc_align_center wpb_content_element\">\n\t\t\n\t\t<figure class=\"wpb_wrapper vc_figure\">\n\t\t\t<div class=\"vc_single_image-wrapper   vc_box_border_grey\"><img loading=\"lazy\" decoding=\"async\" width=\"400\" height=\"175\" src=\"https:\/\/farm-kongres.me\/wp-content\/uploads\/2022\/10\/3-kon-novosti.png\" class=\"vc_single_image-img attachment-full\" alt=\"\" title=\"3-kon-novosti\" \/><\/div>\n\t\t<\/figure>\n\t<\/div>\n<\/div><\/div><\/div><div class=\"wpb_column vc_column_container vc_col-sm-9\"><div class=\"vc_column-inner\"><div class=\"wpb_wrapper\">\n\t<div class=\"wpb_text_column wpb_content_element\" >\n\t\t<div class=\"wpb_wrapper\">\n\t\t\t<p><strong>Decision on extension of term | III Congress of Pharmacists of Montenegro<\/strong><\/p>\n<p>The Organizing Committee of the Third Congress of Pharmacists of Montenegro, on Feb 28th, 2019, issued a <strong>DECISION<\/strong>\u00a0on the extension of the term of:<\/p>\n<ul>\n<li class=\"saz\"><strong>Abstracts reception<\/strong>\u00a0is\u00a0<strong>10.03.2019.<\/strong>\u00a0.<\/li>\n<\/ul>\n\n\t\t<\/div>\n\t<\/div>\n<\/div><\/div><\/div><\/div><div class=\"vc_separator wpb_content_element vc_separator_align_center vc_sep_width_100 vc_sep_pos_align_center vc_separator_no_text vc_sep_color_grey wpb_content_element  wpb_content_element\" ><span class=\"vc_sep_holder vc_sep_holder_l\"><span class=\"vc_sep_line\"><\/span><\/span><span class=\"vc_sep_holder vc_sep_holder_r\"><span class=\"vc_sep_line\"><\/span><\/span>\n<\/div><div class=\"vc_row wpb_row vc_inner vc_row-fluid\"><div class=\"wpb_column vc_column_container vc_col-sm-3\"><div class=\"vc_column-inner\"><div class=\"wpb_wrapper\"><h4 style=\"color: #c6c6c6;text-align: center\" class=\"vc_custom_heading vc_do_custom_heading\" >08.02.2019.<\/h4>\n\t<div  class=\"wpb_single_image wpb_content_element vc_align_center wpb_content_element\">\n\t\t\n\t\t<figure class=\"wpb_wrapper vc_figure\">\n\t\t\t<div class=\"vc_single_image-wrapper   vc_box_border_grey\"><img loading=\"lazy\" decoding=\"async\" width=\"400\" height=\"175\" src=\"https:\/\/farm-kongres.me\/wp-content\/uploads\/2022\/10\/3-kon-novosti.png\" class=\"vc_single_image-img attachment-full\" alt=\"\" title=\"3-kon-novosti\" \/><\/div>\n\t\t<\/figure>\n\t<\/div>\n<\/div><\/div><\/div><div class=\"wpb_column vc_column_container vc_col-sm-9\"><div class=\"vc_column-inner\"><div class=\"wpb_wrapper\">\n\t<div class=\"wpb_text_column wpb_content_element\" >\n\t\t<div class=\"wpb_wrapper\">\n\t\t\t<p><strong>Decision on extension of term | III Congress of Pharmacists of Montenegro<\/strong><\/p>\n<p>The Organizing Committee of the Third Congress of Pharmacists of Montenegro, on Feb 8th, 2019, issued a <strong>DECISION<\/strong>\u00a0on the extension of the term of:<\/p>\n<ul>\n<li class=\"saz\"><strong>Abstracts reception<\/strong> is <strong>01.03.2019.<\/strong>\u00a0.<\/li>\n<\/ul>\n\n\t\t<\/div>\n\t<\/div>\n<\/div><\/div><\/div><\/div><div class=\"vc_separator wpb_content_element vc_separator_align_center vc_sep_width_100 vc_sep_pos_align_center vc_separator_no_text vc_sep_color_grey wpb_content_element  wpb_content_element\" ><span class=\"vc_sep_holder vc_sep_holder_l\"><span class=\"vc_sep_line\"><\/span><\/span><span class=\"vc_sep_holder vc_sep_holder_r\"><span class=\"vc_sep_line\"><\/span><\/span>\n<\/div><div class=\"vc_row wpb_row vc_inner vc_row-fluid\"><div class=\"wpb_column vc_column_container vc_col-sm-3\"><div class=\"vc_column-inner\"><div class=\"wpb_wrapper\"><h4 style=\"color: #c6c6c6;text-align: center\" class=\"vc_custom_heading vc_do_custom_heading\" >13.11.2018.<\/h4>\n\t<div  class=\"wpb_single_image wpb_content_element vc_align_center wpb_content_element\">\n\t\t\n\t\t<figure class=\"wpb_wrapper vc_figure\">\n\t\t\t<div class=\"vc_single_image-wrapper   vc_box_border_grey\"><img loading=\"lazy\" decoding=\"async\" width=\"400\" height=\"175\" src=\"https:\/\/farm-kongres.me\/wp-content\/uploads\/2022\/10\/3-kon-novosti.png\" class=\"vc_single_image-img attachment-full\" alt=\"\" title=\"3-kon-novosti\" \/><\/div>\n\t\t<\/figure>\n\t<\/div>\n<\/div><\/div><\/div><div class=\"wpb_column vc_column_container vc_col-sm-9\"><div class=\"vc_column-inner\"><div class=\"wpb_wrapper\">\n\t<div class=\"wpb_text_column wpb_content_element\" >\n\t\t<div class=\"wpb_wrapper\">\n\t\t\t<p><strong>III Congress of Pharmacists of Montenegro<\/strong><\/p>\n<p>Dear Colleagues,<\/p>\n<p>We are pleased to invite you to the 3rd Congress of Pharmacists of Montenegro with international participation, which will be held from 9-12 May 2019 in the congress center \u201cMontenegro Stars\u201d in Be\u010di\u0107i, Budva. The congress is organized by the Faculty of Medicine University of Montenegro \u2013 Study Program Pharmacy, and Pharmaceutical Chamber of Montenegro.<\/p>\n<p>The motto of the congress is: <strong><em>NEW HORIZONS IN PHARMACY CHALLENGES AND OPPORTUNITIES<\/em><\/strong><\/p>\n<p>With the scientific and professional program of the congress, we will try to provide interesting lectures from eminent experts, as well as numerous poster presentations which will reflect the latest research results in the field of pharmaceutical science and practice.<\/p>\n<p>With your participation you will contribute to our aspiration for the development of pharmaceutical activities in Montenegro, as well as professional implementation and encouraging professional and scientific cooperation in the region and beyond.<\/p>\n<p>We invite you to take an active part, submit your work and share the scientific and professional experiences from the practice.<\/p>\n<p>You can find news related to the Congress and more information on the web site www.kongres2019.me <strong>www.kongres2019.me<\/strong><\/p>\n<p>In addition to the scientific program, we will try to be a good host and show you a part of the beauty of our coast, so hopefully this Congress will remain in your most memorable memory.<\/p>\n<p>We wish you a warm welcome!<\/p>\n<p>President of the Scientific Committee, Doc. dr Zorica Potpara<\/p>\n\n\t\t<\/div>\n\t<\/div>\n<\/div><\/div><\/div><\/div><div class=\"vc_separator wpb_content_element vc_separator_align_center vc_sep_width_100 vc_sep_pos_align_center vc_separator_no_text vc_sep_color_grey wpb_content_element  wpb_content_element\" ><span class=\"vc_sep_holder vc_sep_holder_l\"><span class=\"vc_sep_line\"><\/span><\/span><span class=\"vc_sep_holder vc_sep_holder_r\"><span class=\"vc_sep_line\"><\/span><\/span>\n<\/div><div class=\"vc_row wpb_row vc_inner vc_row-fluid\"><div class=\"wpb_column vc_column_container vc_col-sm-3\"><div class=\"vc_column-inner\"><div class=\"wpb_wrapper\"><h4 style=\"color: #c6c6c6;text-align: center\" class=\"vc_custom_heading vc_do_custom_heading\" >02.10.2018.<\/h4>\n\t<div  class=\"wpb_single_image wpb_content_element vc_align_center wpb_content_element\">\n\t\t\n\t\t<figure class=\"wpb_wrapper vc_figure\">\n\t\t\t<div class=\"vc_single_image-wrapper   vc_box_border_grey\"><img loading=\"lazy\" decoding=\"async\" width=\"400\" height=\"175\" src=\"https:\/\/farm-kongres.me\/wp-content\/uploads\/2022\/10\/3-kon-novosti.png\" class=\"vc_single_image-img attachment-full\" alt=\"\" title=\"3-kon-novosti\" \/><\/div>\n\t\t<\/figure>\n\t<\/div>\n<\/div><\/div><\/div><div class=\"wpb_column vc_column_container vc_col-sm-9\"><div class=\"vc_column-inner\"><div class=\"wpb_wrapper\">\n\t<div class=\"wpb_text_column wpb_content_element\" >\n\t\t<div class=\"wpb_wrapper\">\n\t\t\t<p><strong>III Congress of Pharmacists of Montenegro<\/strong><\/p>\n<p>Dear colleagues ladies and gentlemen,<\/p>\n<p>It is now becoming a tradition to try to repeat the success of the previous two Congresses, together with you. Therefore, this way we announce you\u00a0<strong>the 3rd Congress of Pharmacists of Montenegro with international participation,<\/strong>\u00a0organized by the Pharmaceutical Chamber of Montenegro and Faculty of Medicine \u2013 Study program Pharmacy in Podgorica, in cooperation with the Agency for Drugs and Medical Devices of Montenegro.<\/p>\n<p>The Congress will be held in\u00a0<strong>the congress centre \u2018Montenegro Stars\u2019<\/strong>\u00a0hotel group in Be\u010di\u0107i, in the period from\u00a0<strong>9 to 12 May 2019,<\/strong>\u00a0with the presence of numerous foreign and local renowned lecturers.<\/p>\n<p>We are faced with a challenge to meet the chances and solve the problem in pharmaceutical profession, just as the name of our Congress says:\u00a0<strong>\u201cNew Horizons in Pharmacy \u2013 Challenges and Possibilities\u201c.<\/strong>.<\/p>\n<p>All the information about organization of the Congress can be found on our web page www.kongres2019.me\u00a0<strong>www.kongres2019.me<\/strong>\u00a0(sponsorship packages, registration of the participants, instructions on work summary, payments for registration fees and other details related to reservation of accommodation in \u201cMontenegro Stars\u201c and to offer of other hotels in Be\u010di\u0107i), and by addressing our technical organizer this time as well:<\/p>\n<p><strong>\u2018PRiSMA\u00a0\u2013 korporativne komunikacije\u2019<\/strong>, Serdara Jola Pileti\u0107a bb, 81000 Podgorica, e-mail: prisma@t-com.me or phone: +382\/0\/20 601-145, +82\/0\/20 601-146, gsm: +382\/0\/69\/327-300<\/p>\n<p>We are looking forward to working and spending time together!<\/p>\n<p>Best regards,<\/p>\n<p><em>The President of the Organizing Committee, Milica Popivoda, dipl.ph.<\/em><\/p>\n<p><em>The President of the Pharmaceutical Chamber of Montenegro, Milanka \u017dugi\u0107, mr ph<\/em><\/p>\n\n\t\t<\/div>\n\t<\/div>\n<\/div><\/div><\/div><\/div><\/div><\/div><\/div><div class=\"wpb_column vc_column_container vc_col-sm-4\"><div class=\"vc_column-inner\"><div class=\"wpb_wrapper\"><div class=\"vc_tta-container\" data-vc-action=\"collapseAll\" data-vc-tta-autoplay=\"{&quot;delay&quot;:4000}\"><h2>Important dates | IV Congress<\/h2><div class=\"vc_general vc_tta vc_tta-accordion vc_tta-color-grey vc_tta-style-flat vc_tta-shape-rounded vc_tta-spacing-3 vc_tta-controls-align-default vc_tta-o-no-fill vc_tta-o-all-clickable\"><div class=\"vc_tta-panels-container\"><div class=\"vc_tta-panels\"><div class=\"vc_tta-panel\" id=\"1542125766056-df707544-8b93\" data-vc-content=\".vc_tta-panel-body\"><div class=\"vc_tta-panel-heading\"><h4 class=\"vc_tta-panel-title vc_tta-controls-icon-position-left\"><a href=\"#1542125766056-df707544-8b93\" data-vc-accordion data-vc-container=\".vc_tta-container\"><span class=\"vc_tta-title-text\">Abstracts reception<\/span><i class=\"vc_tta-controls-icon vc_tta-controls-icon-plus\"><\/i><\/a><\/h4><\/div><div class=\"vc_tta-panel-body\"><div  class=\"vc_wp_text wpb_content_element\"><div class=\"widget widget_text\">\t\t\t<div class=\"textwidget\"><p><strong>Abstracts reception<\/strong> is <strong>15.01.2023.<\/strong><\/p>\n<\/div>\n\t\t<\/div><\/div><\/div><\/div><div class=\"vc_tta-panel\" id=\"1539345460469-8c35fe42-0915\" data-vc-content=\".vc_tta-panel-body\"><div class=\"vc_tta-panel-heading\"><h4 class=\"vc_tta-panel-title vc_tta-controls-icon-position-left\"><a href=\"#1539345460469-8c35fe42-0915\" data-vc-accordion data-vc-container=\".vc_tta-container\"><span class=\"vc_tta-title-text\">Early registration fee<\/span><i class=\"vc_tta-controls-icon vc_tta-controls-icon-plus\"><\/i><\/a><\/h4><\/div><div class=\"vc_tta-panel-body\"><div  class=\"vc_wp_text wpb_content_element\"><div class=\"widget widget_text\">\t\t\t<div class=\"textwidget\"><p><span class=\"info\">Deadline for the benefits of <strong>Early registration fee<\/strong> is <strong>15.03. 2023.<\/strong><\/span><\/p>\n<\/div>\n\t\t<\/div><\/div><\/div><\/div><div class=\"vc_tta-panel\" id=\"1542125914826-e27dee52-bd60\" data-vc-content=\".vc_tta-panel-body\"><div class=\"vc_tta-panel-heading\"><h4 class=\"vc_tta-panel-title vc_tta-controls-icon-position-left\"><a href=\"#1542125914826-e27dee52-bd60\" data-vc-accordion data-vc-container=\".vc_tta-container\"><span class=\"vc_tta-title-text\">The notice of acceptance of the works<\/span><i class=\"vc_tta-controls-icon vc_tta-controls-icon-plus\"><\/i><\/a><\/h4><\/div><div class=\"vc_tta-panel-body\"><div  class=\"vc_wp_text wpb_content_element\"><div class=\"widget widget_text\">\t\t\t<div class=\"textwidget\"><p><strong>The notice of<\/strong> <strong>acceptance of the works<\/strong> will be send until <strong>00.00.2023.<\/strong><\/p>\n<\/div>\n\t\t<\/div><\/div><\/div><\/div><div class=\"vc_tta-panel\" id=\"1538040729276-5131a75f-b5a0\" data-vc-content=\".vc_tta-panel-body\"><div class=\"vc_tta-panel-heading\"><h4 class=\"vc_tta-panel-title vc_tta-controls-icon-position-left\"><a href=\"#1538040729276-5131a75f-b5a0\" data-vc-accordion data-vc-container=\".vc_tta-container\"><span class=\"vc_tta-title-text\">The Fourth Congress of Pharmacists of Montenegro<\/span><i class=\"vc_tta-controls-icon vc_tta-controls-icon-plus\"><\/i><\/a><\/h4><\/div><div class=\"vc_tta-panel-body\"><div  class=\"vc_wp_text wpb_content_element\"><div class=\"widget widget_text\">\t\t\t<div class=\"textwidget\"><p>IV Congress of Pharmacists of Montenegro will be held in<strong> Becici<\/strong>, <strong>May 11-14, 2023<\/strong> .<\/p>\n<\/div>\n\t\t<\/div><\/div><\/div><\/div><\/div><\/div><\/div><\/div>\n\t<div  class=\"wpb_single_image wpb_content_element vc_align_center wpb_content_element\">\n\t\t\n\t\t<figure class=\"wpb_wrapper vc_figure\">\n\t\t\t<a href=\"https:\/\/farm-kongres.me\/eng\/flajer-iv-kongresa-farmaceuta-crne-gore\/\" target=\"_blank\" class=\"vc_single_image-wrapper vc_box_rounded  vc_box_border_grey\"><img loading=\"lazy\" decoding=\"async\" width=\"640\" height=\"935\" src=\"https:\/\/farm-kongres.me\/wp-content\/uploads\/2022\/10\/flajer-IV-kongresa-1.jpg\" class=\"vc_single_image-img attachment-large\" alt=\"\" title=\"flajer-IV-kongresa-1\" \/><\/a>\n\t\t<\/figure>\n\t<\/div>\n\n\t<div  class=\"wpb_single_image wpb_content_element vc_align_center wpb_content_element\">\n\t\t\n\t\t<figure class=\"wpb_wrapper vc_figure\">\n\t\t\t<a href=\"https:\/\/farm-kongres.me\/eng\/kontakt\/\" target=\"_blank\" class=\"vc_single_image-wrapper vc_box_rounded  vc_box_border_grey\"><img loading=\"lazy\" decoding=\"async\" width=\"494\" height=\"93\" src=\"https:\/\/farm-kongres.me\/wp-content\/uploads\/2023\/02\/Prisma20korporativne20komunikacije.png\" class=\"vc_single_image-img attachment-full\" alt=\"\" title=\"Prismakorporativnekomunikacije\" srcset=\"https:\/\/farm-kongres.me\/wp-content\/uploads\/2023\/02\/Prisma20korporativne20komunikacije.png 494w, https:\/\/farm-kongres.me\/wp-content\/uploads\/2023\/02\/Prisma20korporativne20komunikacije-18x3.png 18w\" sizes=\"auto, (max-width: 494px) 100vw, 494px\" \/><\/a>\n\t\t<\/figure>\n\t<\/div>\n\n\t<div class=\"wpb_text_column wpb_content_element\" >\n\t\t<div class=\"wpb_wrapper\">\n\t\t\t<p><span style=\"color: #808080;\">Technical organizer:<\/span><br \/>\n<span style=\"color: #333333;\"><strong>\u2018PRiSMA\u00a0\u2013 korporativne komunikacije\u2019<\/strong><\/span><br \/>\n<span style=\"color: #808080;\">Serdara Jola Pileti\u0107a bb, 81000 Podgorica<\/span><br \/>\n<span style=\"color: #808080;\">prisma@t-com.me<\/span><br \/>\n<span style=\"color: #808080;\">+382 20 601 145, +382 20 601 146<\/span><br \/>\n<span style=\"color: #808080;\">+382 69 327 300<\/span><\/p>\n\n\t\t<\/div>\n\t<\/div>\n<\/div><\/div><\/div><\/div>\n<\/div>","protected":false},"excerpt":{"rendered":"<p>Lorem ipsum dolor sit amet, consectetur adipiscing elit. Nam efficitur egestas risus. Sed eros augue, tempor et faucibus eu, cursus ac lacus. Ut sodales semper ante, at malesuada neque vestibulum vitae. Pellentesque luctus ipsum sit amet ligula facilisis rutrum. Nulla facilisi. Morbi rutrum nisi elementum urna faucibus, et porta elit lobortis. Donec imperdiet tristique tellus, ut consectetur ipsum tempus vitae<\/p>","protected":false},"author":1,"featured_media":0,"parent":0,"menu_order":0,"comment_status":"closed","ping_status":"closed","template":"page-templates\/homepage.php","meta":{"footnotes":""},"class_list":["post-404","page","type-page","status-publish","hentry"],"_links":{"self":[{"href":"https:\/\/farm-kongres.me\/eng\/wp-json\/wp\/v2\/pages\/404","targetHints":{"allow":["GET"]}}],"collection":[{"href":"https:\/\/farm-kongres.me\/eng\/wp-json\/wp\/v2\/pages"}],"about":[{"href":"https:\/\/farm-kongres.me\/eng\/wp-json\/wp\/v2\/types\/page"}],"author":[{"embeddable":true,"href":"https:\/\/farm-kongres.me\/eng\/wp-json\/wp\/v2\/users\/1"}],"replies":[{"embeddable":true,"href":"https:\/\/farm-kongres.me\/eng\/wp-json\/wp\/v2\/comments?post=404"}],"version-history":[{"count":218,"href":"https:\/\/farm-kongres.me\/eng\/wp-json\/wp\/v2\/pages\/404\/revisions"}],"predecessor-version":[{"id":3528,"href":"https:\/\/farm-kongres.me\/eng\/wp-json\/wp\/v2\/pages\/404\/revisions\/3528"}],"wp:attachment":[{"href":"https:\/\/farm-kongres.me\/eng\/wp-json\/wp\/v2\/media?parent=404"}],"curies":[{"name":"wp","href":"https:\/\/api.w.org\/{rel}","templated":true}]}}