{"id":2303,"date":"2018-09-23T09:38:53","date_gmt":"2018-09-23T07:38:53","guid":{"rendered":"https:\/\/farm-kongres.me\/?page_id=2303"},"modified":"2022-10-04T11:26:44","modified_gmt":"2022-10-04T09:26:44","slug":"pocasni-odbor-2019","status":"publish","type":"page","link":"https:\/\/farm-kongres.me\/eng\/odbori-2019\/pocasni-odbor-2019\/","title":{"rendered":"Honorary Committee 2019"},"content":{"rendered":"<div class=\"wpb-content-wrapper\"><div class=\"vc_row wpb_row vc_row-fluid\"><div class=\"wpb_column vc_column_container vc_col-sm-12\"><div class=\"vc_column-inner\"><div class=\"wpb_wrapper\"><h2 style=\"color: #193282;text-align: left\" class=\"vc_custom_heading vc_do_custom_heading\" >Honorary Committee<\/h2><div class=\"vc_empty_space\"   style=\"height: 15px\"><span class=\"vc_empty_space_inner\"><\/span><\/div>\n\t<div class=\"wpb_text_column wpb_content_element\" >\n\t\t<div class=\"wpb_wrapper\">\n\t\t\t<p>Po\u010dasni odbor\u00a0Tre\u0107eg kongresa farmaceuta Crne Gore sa me\u0111unarodnim u\u010de\u0161\u0107em:<\/p>\n<ul>\n<li><strong>Kenan Hrapovi\u0107<\/strong> &#8211; Ministar zdravlja Crne Gore<\/li>\n<li><strong>Danilo Nikoli\u0107<\/strong> &#8211; rektor Univerziteta Crne Gore<\/li>\n<li><strong>Damir \u0160ehovi\u0107<\/strong> &#8211; Ministar prosvjete Crne Gore<\/li>\n<li><strong>Radoman Draga\u0161<\/strong> &#8211; direktor Z.U. Apoteke Crne Gore Montefarm<\/li>\n<li><strong>Milorad Drljevi\u0107\u00a0<\/strong>&#8211; direktor Agencije za ljekove Crne Gore<\/li>\n<li><strong>Sead \u010cirgi\u0107\u00a0<\/strong>&#8211; direktor Fonda za zdravstveno osiguranje\u00a0 Crne Gore<\/li>\n<li><strong>Miodrag Radunovi\u0107<\/strong> &#8211; dekan Medicinskog \u00a0fakulteta<\/li>\n<li><strong>Boban Mugo\u0161a<\/strong>\u00a0&#8211; direktor Insituta za javno zdravlje Crne Gore<\/li>\n<li><strong>Jevto Erakovi\u0107\u00a0<\/strong>&#8211; direktor Klini\u010dkog centra Crne Gore<\/li>\n<li><strong>Sanja Damjanovi\u0107<\/strong> &#8211; Ministar nauke Crne Gore<\/li>\n<\/ul>\n\n\t\t<\/div>\n\t<\/div>\n<\/div><\/div><\/div><\/div>\n<\/div>","protected":false},"excerpt":{"rendered":"PO\u010cASNI ODBOR Po\u010dasni odbor\u00a0Tre\u0107eg kongresa farmaceuta Crne Gore sa me\u0111unarodnim u\u010de\u0161\u0107em: Kenan Hrapovi\u0107 - Ministar zdravlja Crne Gore Danilo Nikoli\u0107 - rektor Univerziteta Crne Gore Damir \u0160ehovi\u0107 - Ministar prosvjete Crne Gore Radoman Draga\u0161 - direktor Z.U. Apoteke Crne Gore Montefarm Milorad Drljevi\u0107\u00a0- direktor Agencije za ljekove Crne Gore Sead \u010cirgi\u0107\u00a0- direktor Fonda za zdravstveno [...]","protected":false},"author":1,"featured_media":0,"parent":3273,"menu_order":0,"comment_status":"closed","ping_status":"closed","template":"","meta":{"footnotes":""},"class_list":["post-2303","page","type-page","status-publish","hentry"],"_links":{"self":[{"href":"https:\/\/farm-kongres.me\/eng\/wp-json\/wp\/v2\/pages\/2303","targetHints":{"allow":["GET"]}}],"collection":[{"href":"https:\/\/farm-kongres.me\/eng\/wp-json\/wp\/v2\/pages"}],"about":[{"href":"https:\/\/farm-kongres.me\/eng\/wp-json\/wp\/v2\/types\/page"}],"author":[{"embeddable":true,"href":"https:\/\/farm-kongres.me\/eng\/wp-json\/wp\/v2\/users\/1"}],"replies":[{"embeddable":true,"href":"https:\/\/farm-kongres.me\/eng\/wp-json\/wp\/v2\/comments?post=2303"}],"version-history":[{"count":9,"href":"https:\/\/farm-kongres.me\/eng\/wp-json\/wp\/v2\/pages\/2303\/revisions"}],"predecessor-version":[{"id":3278,"href":"https:\/\/farm-kongres.me\/eng\/wp-json\/wp\/v2\/pages\/2303\/revisions\/3278"}],"up":[{"embeddable":true,"href":"https:\/\/farm-kongres.me\/eng\/wp-json\/wp\/v2\/pages\/3273"}],"wp:attachment":[{"href":"https:\/\/farm-kongres.me\/eng\/wp-json\/wp\/v2\/media?parent=2303"}],"curies":[{"name":"wp","href":"https:\/\/api.w.org\/{rel}","templated":true}]}}