{"id":2297,"date":"2018-09-23T09:38:29","date_gmt":"2018-09-23T07:38:29","guid":{"rendered":"https:\/\/farm-kongres.me\/?page_id=2297"},"modified":"2022-10-04T11:25:30","modified_gmt":"2022-10-04T09:25:30","slug":"organizacioni-odbor-2019","status":"publish","type":"page","link":"https:\/\/farm-kongres.me\/eng\/odbori-2019\/organizacioni-odbor-2019\/","title":{"rendered":"Organizacioni odbor 2019"},"content":{"rendered":"<div class=\"wpb-content-wrapper\"><div class=\"vc_row wpb_row vc_row-fluid\"><div class=\"wpb_column vc_column_container vc_col-sm-12\"><div class=\"vc_column-inner\"><div class=\"wpb_wrapper\"><h2 style=\"color: #193282;text-align: left\" class=\"vc_custom_heading vc_do_custom_heading\" >Organizing Commitee<\/h2><div class=\"vc_empty_space\"   style=\"height: 15px\"><span class=\"vc_empty_space_inner\"><\/span><\/div>\n\t<div class=\"wpb_text_column wpb_content_element\" >\n\t\t<div class=\"wpb_wrapper\">\n\t\t\t<p>Organizacioni odbor\u00a0Tre\u0107eg kongresa farmaceuta Crne Gore sa me\u0111unarodnim u\u010de\u0161\u0107em:<\/p>\n<p><span class=\"text1\">President: <strong>MILICA POPIVODA<\/strong><\/span><br \/>\n<span class=\"text1\">General Secretary: <strong>Biljana Savovi\u0107<\/strong><\/span><\/p>\n<p>Members:<\/p>\n<ul>\n<li><strong>Milanka \u017dugi\u0107<\/strong><\/li>\n<li><strong><span class=\"text1\">Sne\u017eana Stankovi\u0107<\/span><\/strong><\/li>\n<li><strong><span class=\"text1\">Slavica Vu\u010durovi\u0107<\/span><\/strong><\/li>\n<li><strong><span class=\"text1\">Radojka Peri\u0161i\u0107<\/span><\/strong><\/li>\n<li><strong><span class=\"text1\">Nata\u0161a Burzanovi\u0107<\/span><\/strong><\/li>\n<li><strong><span class=\"text1\">Branislava Rai\u010devi\u0107<\/span><\/strong><\/li>\n<li><strong><span class=\"text1\">Sonja Bulaji\u0107<\/span><\/strong><\/li>\n<li><strong><span class=\"text1\">Ana Popovi\u0107<\/span><\/strong><\/li>\n<\/ul>\n\n\t\t<\/div>\n\t<\/div>\n<\/div><\/div><\/div><\/div>\n<\/div>","protected":false},"excerpt":{"rendered":"ORGANIZACIONI ODBOR Organizacioni odbor\u00a0Tre\u0107eg kongresa farmaceuta Crne Gore sa me\u0111unarodnim u\u010de\u0161\u0107em: Predsjednica: MILICA POPIVODA Generalni sekretar: Biljana Savovi\u0107 \u010clanovi: Milanka \u017dugi\u0107 Sne\u017eana Stankovi\u0107 Slavica Vu\u010durovi\u0107 Radojka Peri\u0161i\u0107 Nata\u0161a Burzanovi\u0107 Branislava Rai\u010devi\u0107 Sonja Bulaji\u0107 Ana Popovi\u0107","protected":false},"author":1,"featured_media":0,"parent":3273,"menu_order":0,"comment_status":"closed","ping_status":"closed","template":"","meta":{"footnotes":""},"class_list":["post-2297","page","type-page","status-publish","hentry"],"_links":{"self":[{"href":"https:\/\/farm-kongres.me\/eng\/wp-json\/wp\/v2\/pages\/2297","targetHints":{"allow":["GET"]}}],"collection":[{"href":"https:\/\/farm-kongres.me\/eng\/wp-json\/wp\/v2\/pages"}],"about":[{"href":"https:\/\/farm-kongres.me\/eng\/wp-json\/wp\/v2\/types\/page"}],"author":[{"embeddable":true,"href":"https:\/\/farm-kongres.me\/eng\/wp-json\/wp\/v2\/users\/1"}],"replies":[{"embeddable":true,"href":"https:\/\/farm-kongres.me\/eng\/wp-json\/wp\/v2\/comments?post=2297"}],"version-history":[{"count":6,"href":"https:\/\/farm-kongres.me\/eng\/wp-json\/wp\/v2\/pages\/2297\/revisions"}],"predecessor-version":[{"id":3277,"href":"https:\/\/farm-kongres.me\/eng\/wp-json\/wp\/v2\/pages\/2297\/revisions\/3277"}],"up":[{"embeddable":true,"href":"https:\/\/farm-kongres.me\/eng\/wp-json\/wp\/v2\/pages\/3273"}],"wp:attachment":[{"href":"https:\/\/farm-kongres.me\/eng\/wp-json\/wp\/v2\/media?parent=2297"}],"curies":[{"name":"wp","href":"https:\/\/api.w.org\/{rel}","templated":true}]}}